{"id":706,"date":"2023-09-24T17:11:30","date_gmt":"2023-09-24T15:11:30","guid":{"rendered":"https:\/\/www.flechedor.lu\/nos-activites\/sessions-particulieres\/"},"modified":"2024-10-22T11:59:44","modified_gmt":"2024-10-22T09:59:44","slug":"sessions-particulieres","status":"publish","type":"page","link":"https:\/\/www.flechedor.lu\/fr\/nos-activites\/sessions-particulieres\/","title":{"rendered":"Sessions particuli\u00e8res"},"content":{"rendered":"\n<p>Nous pouvons et appr\u00e9cions vraiment d&rsquo;organiser des sessions particuli\u00e8res pour des petits groupes (anniversaires, afterworks, team building&#8230;). Comptez environ 3 heurs pour ce genre de s\u00e9ance, mais cela peut \u00eatre ajust\u00e9 suivant vos besoins.<\/p>\n\n<p>Nous avons cependant quelques restrictions afin que tout se passe pour le mieux:<\/p>\n\n<ul class=\"wp-block-list\">\n<li>Tous les tireurs doivent \u00eatre \u00e2g\u00e9s d&rsquo;au moins 14 ans. Si des mineurs participent, d&rsquo;autres adultes doivent \u00eatre pr\u00e9sents en cas de probl\u00e8me.<\/li>\n\n\n\n<li>Les groupes doivent faire entre 4 et 20 personnes (nous voulons \u00eatre s\u00fbrs que chacun peut tirer un minimum, ce qui est impossible avec de trop grands groupes).<\/li>\n\n\n\n<li>De telles sessions particuli\u00e8res sont organis\u00e9es <strong>selon la disponibilit\u00e9 de nos membres volontaires<\/strong>. Nous ne pouvons pas leur demander de prendre cong\u00e9 sp\u00e9cialement pour ce genre d&rsquo;activit\u00e9 (ils sont en g\u00e9n\u00e9ral plus libres les soirs et week-ends), et nous avons besoin de garder les terrains de tirs disponibles pour les entra\u00eenements habituels, surtout lors de la saison internationale ext\u00e9rieure (mi-avril \u00e0 mi-juillet). Veuillez ne pas envoyer de demande de derni\u00e8re minute, il est presque impossible que nous ayons des disponibilit\u00e9s.<\/li>\n\n\n\n<li>Les s\u00e9ances ont lieu sur les infrastructures du club (soit <a href=\"https:\/\/test-www.flechedor.lu\/about-the-club\/indoor-shooting-range-bonnevoie\/\" data-type=\"page\" data-id=\"419\">Bonnevoie<\/a>, soit le <a href=\"https:\/\/test-www.flechedor.lu\/about-the-club\/outdoor-shooting-range-bambesch\/\" data-type=\"page\" data-id=\"424\">Bambesch<\/a>, selon la saison).<\/li>\n<\/ul>\n\n<p>Les s\u00e9ances se tiennent sous les m\u00eames conditions que le <a href=\"https:\/\/test-www.flechedor.lu\/our-activities\/sport-pour-tous\/\" data-type=\"page\" data-id=\"634\">Sport pour Tous<\/a>. Nous fournissons le mat\u00e9riel de tir et les protections, mais les participants doivent s&rsquo;habiller d&rsquo;une fa\u00e7on adapt\u00e9e.<\/p>\n\n<p>Nous pouvons organiser de la petite restauration et des rafra\u00eechissements pendant les s\u00e9ances, g\u00e9n\u00e9ralement des snacks ou plateaux froids en hiver, et un barbecue pendant l&rsquo;\u00e9t\u00e9.<\/p>\n\n<p><mark style=\"background-color:rgba(0, 0, 0, 0)\" class=\"has-inline-color has-luminous-vivid-amber-color\"><strong>A ce stade, nous n&rsquo;avons pas assez de volontaires disponibles ou de cr\u00e9neaux horaires pour accueillir ces \u00e9v\u00e9nements priv\u00e9s, nous avons donc d\u00e9cid\u00e9 de les suspendre. Nous nous excusons pour la g\u00eane occasionn\u00e9e, car vous avez \u00e9t\u00e9 nombreux \u00e0 manifester votre int\u00e9r\u00eat, mais nous ne pouvons pas g\u00e9rer ces \u00e9v\u00e9nements dans l&rsquo;\u00e9tat actuel des choses. <\/strong><\/mark><\/p>\n\n<p><\/p>\n\n<p><\/p>\n","protected":false},"excerpt":{"rendered":"<p>Nous pouvons et appr\u00e9cions vraiment d&rsquo;organiser des sessions particuli\u00e8res pour des petits groupes (anniversaires, afterworks, team building&#8230;). Comptez environ 3 heurs pour ce genre de s\u00e9ance, mais cela peut \u00eatre ajust\u00e9 suivant<\/p>\n<a class=\"moretag noptoppad\" href=\"https:\/\/www.flechedor.lu\/fr\/nos-activites\/sessions-particulieres\/\">Read More...<\/a>","protected":false},"author":2,"featured_media":0,"parent":465,"menu_order":0,"comment_status":"closed","ping_status":"closed","template":"","meta":{"slim_seo":{"title":"Sessions particuli\u00e8res - Fl\u00e8che d&#039;Or Luxembourg","description":"Nous pouvons et appr\u00e9cions vraiment d'organiser des sessions particuli\u00e8res pour des petits groupes (anniversaires, afterworks, team building...). Comptez enviro"},"footnotes":""},"class_list":["post-706","page","type-page","status-publish","hentry"],"_links":{"self":[{"href":"https:\/\/www.flechedor.lu\/fr\/wp-json\/wp\/v2\/pages\/706","targetHints":{"allow":["GET"]}}],"collection":[{"href":"https:\/\/www.flechedor.lu\/fr\/wp-json\/wp\/v2\/pages"}],"about":[{"href":"https:\/\/www.flechedor.lu\/fr\/wp-json\/wp\/v2\/types\/page"}],"author":[{"embeddable":true,"href":"https:\/\/www.flechedor.lu\/fr\/wp-json\/wp\/v2\/users\/2"}],"replies":[{"embeddable":true,"href":"https:\/\/www.flechedor.lu\/fr\/wp-json\/wp\/v2\/comments?post=706"}],"version-history":[{"count":6,"href":"https:\/\/www.flechedor.lu\/fr\/wp-json\/wp\/v2\/pages\/706\/revisions"}],"predecessor-version":[{"id":993,"href":"https:\/\/www.flechedor.lu\/fr\/wp-json\/wp\/v2\/pages\/706\/revisions\/993"}],"up":[{"embeddable":true,"href":"https:\/\/www.flechedor.lu\/fr\/wp-json\/wp\/v2\/pages\/465"}],"wp:attachment":[{"href":"https:\/\/www.flechedor.lu\/fr\/wp-json\/wp\/v2\/media?parent=706"}],"curies":[{"name":"wp","href":"https:\/\/api.w.org\/{rel}","templated":true}]}}