{"id":455,"date":"2023-09-22T12:28:29","date_gmt":"2023-09-22T10:28:29","guid":{"rendered":"https:\/\/www.flechedor.lu\/a-propos-du-club\/pas-de-tir-interieur-bonnevoie\/"},"modified":"2023-09-24T22:55:03","modified_gmt":"2023-09-24T20:55:03","slug":"pas-de-tir-interieur-bonnevoie","status":"publish","type":"page","link":"https:\/\/www.flechedor.lu\/fr\/a-propos-du-club\/pas-de-tir-interieur-bonnevoie\/","title":{"rendered":"Pas de tir int\u00e9rieur: Bonnevoie"},"content":{"rendered":"\n<h2 class=\"wp-block-heading\">G\u00e9n\u00e9ralit\u00e9s<\/h2>\n\n<p>Pendant la saison hivernale (d&rsquo;<strong>octobre \u00e0 avril<\/strong>), nos membres peuvent s&rsquo;entra\u00eener dans notre stand de tir \u00e0 <strong>Bonnevoie<\/strong>.<\/p>\n\n<p>Ce pas de tir propose un mur fixe (compos\u00e9 de blocs Danage), et offre la possibliti\u00e9 de tirer jusqu&rsquo;\u00e0 30 m\u00e8tres. \u00c9tant donn\u00e9 qu&rsquo;il n&rsquo;y a aucune s\u00e9paration, des concessions avec les autres tireurs doivent \u00eatre prises pour utiliser une autre distance que 18 m\u00e8tres.<\/p>\n\n<p>Du mat\u00e9riel de r\u00e9glage et r\u00e9paration (presse, m\u00e9tier \u00e0 cordes, coupe-tubes&#8230;) sont disponibles, adressez-vous au comit\u00e9 ou \u00e0 un des entra\u00eeneurs pour plus d&rsquo;informations.<\/p>\n\n<h2 class=\"wp-block-heading\">Comment y aller<\/h2>\n\n<p>Le stand de tir est situ\u00e9 sous le hall sportif de Bonnevoie, <a href=\"https:\/\/maps.app.goo.gl\/burTjUXDRAsmwkeR7\" data-type=\"link\" data-id=\"https:\/\/maps.app.goo.gl\/burTjUXDRAsmwkeR7\">42 rue Jean-Fran\u00e7ois Gangler<\/a>. Face au b\u00e2timent, il y a un petit <strong>parking ferm\u00e9 sur la gauche<\/strong>, sinon la rue est souvent libre pour se garer (stationement payant jusque 18h). L&rsquo;entr\u00e9e se fait <strong>par l&rsquo;arri\u00e8re du b\u00e2timent<\/strong>, au besoin il faut s&rsquo;adresser aux portiers pour le chemin.<\/p>\n\n<p>L&rsquo;endroit est \u00e9galement accessible en transport en commun: <\/p>\n\n<ul class=\"wp-block-list\">\n<li><a href=\"https:\/\/www.mobiliteit.lu\/wp-content\/uploads\/horaires-new\/avl\/2.pdf?v=20230717\" target=\"_blank\" rel=\"noreferrer noopener\">bus 2<\/a> et <a href=\"https:\/\/www.mobiliteit.lu\/wp-content\/uploads\/horaires-new\/avl\/7.pdf?v=20230717\">bus 7<\/a> (arr\u00eat <em>Bonnevoie, Wisestrooss<\/em>)<\/li>\n\n\n\n<li><a href=\"https:\/\/www.mobiliteit.lu\/wp-content\/uploads\/horaires-new\/avl\/9.pdf?v=20230717\">bus 9<\/a> (arr\u00eat <em>Gabriel Lippmann<\/em>)<\/li>\n\n\n\n<li><a href=\"https:\/\/www.mobiliteit.lu\/wp-content\/uploads\/horaires-new\/avl\/3.pdf?v=20230717\">bus 3<\/a> et <a href=\"https:\/\/www.mobiliteit.lu\/wp-content\/uploads\/horaires-new\/avl\/5.pdf?v=20230717\">bus 5<\/a> (arr\u00eat <em>Bonnevoie, Willibrord<\/em>)<\/li>\n<\/ul>\n\n<h2 class=\"wp-block-heading\">Acc\u00e8s<\/h2>\n<style type=\"text\/css\" id=\"gmpMapStyles_1_33334\">\r\n\t#google_map_easy_1_33334 {\r\n        width: 100%;\r\n        height: 350px;\r\n\t\t\t\t\t\t    }\r\n\t#gmapControlsNum_1_33334 {\r\n\t\twidth:100%\t}\r\n\t.gmpMapDetailsContainer#gmpMapDetailsContainer_1_33334 {\r\n\t\theight:350px;\r\n\t}\r\n\t.gmp_MapPreview#google_map_easy_1_33334 {\r\n\t\t\/*position:absolute;*\/\r\n\t\twidth: 100%;\r\n\t}\r\n\t#mapConElem_1_33334{\r\n\t\twidth: 100%\t}\r\n    .gm-style .gm-style-iw-c{\r\n        padding: 12px!important;\r\n    }\r\n\t    <\/style>\r\n <div class=\"gmp_map_opts\" id=\"mapConElem_1_33334\" data-id=\"1\" data-view-id=\"1_33334\" > <div class=\"gmpMapDetailsContainer\" id=\"gmpMapDetailsContainer_1_33334\"> <i class=\"gmpKMLLayersPreloader fa fa-spinner fa-spin\" aria-hidden=\"true\" style=\"display: none;\"><\/i> <div class=\"gmp_MapPreview \" id=\"google_map_easy_1_33334\"><\/div> <\/div> <div class=\"gmpMapMarkerFilters\" id=\"gmpMapMarkerFilters_1_33334\"> <\/div> <div class=\"gmpMapProControlsCon\" id=\"gmpMapProControlsCon_1_33334\"> <a title=\"WP Google Maps\" style=\"display:none;\" href=\"https:\/\/supsystic.com\/plugins\/google-maps-plugin\/?utm_medium=love_link_hide\" target=\"_blank\">WP Google Maps<\/a><div style=\"clear: both;\"><\/div> <\/div> <div class=\"gmpMapProDirectionsCon\" id=\"gmpMapProDirectionsCon_1_33334\" > <\/div> <div class=\"gmpMapProKmlFilterCon\" id=\"gmpMapProKmlFilterCon_1_33334\" > <\/div> <div class=\"gmpSocialSharingShell gmpSocialSharingShell_1_33334\"> <\/div> <div style=\"clear: both;\"><\/div> <\/div> \n","protected":false},"excerpt":{"rendered":"<p>G\u00e9n\u00e9ralit\u00e9s Pendant la saison hivernale (d&rsquo;octobre \u00e0 avril), nos membres peuvent s&rsquo;entra\u00eener dans notre stand de tir \u00e0 Bonnevoie. Ce pas de tir propose un mur fixe (compos\u00e9 de blocs Danage), et<\/p>\n<a class=\"moretag noptoppad\" href=\"https:\/\/www.flechedor.lu\/fr\/a-propos-du-club\/pas-de-tir-interieur-bonnevoie\/\">Read More...<\/a>","protected":false},"author":2,"featured_media":0,"parent":453,"menu_order":0,"comment_status":"closed","ping_status":"closed","template":"","meta":{"slim_seo":{"title":"Pas de tir int\u00e9rieur: Bonnevoie - Fl\u00e8che d&#039;Or Luxembourg","description":"G\u00e9n\u00e9ralit\u00e9s Pendant la saison hivernale (d' octobre \u00e0 avril ), nos membres peuvent s'entra\u00eener dans notre stand de tir \u00e0 Bonnevoie . Ce pas de tir propose un mu"},"footnotes":""},"class_list":["post-455","page","type-page","status-publish","hentry"],"_links":{"self":[{"href":"https:\/\/www.flechedor.lu\/fr\/wp-json\/wp\/v2\/pages\/455","targetHints":{"allow":["GET"]}}],"collection":[{"href":"https:\/\/www.flechedor.lu\/fr\/wp-json\/wp\/v2\/pages"}],"about":[{"href":"https:\/\/www.flechedor.lu\/fr\/wp-json\/wp\/v2\/types\/page"}],"author":[{"embeddable":true,"href":"https:\/\/www.flechedor.lu\/fr\/wp-json\/wp\/v2\/users\/2"}],"replies":[{"embeddable":true,"href":"https:\/\/www.flechedor.lu\/fr\/wp-json\/wp\/v2\/comments?post=455"}],"version-history":[{"count":4,"href":"https:\/\/www.flechedor.lu\/fr\/wp-json\/wp\/v2\/pages\/455\/revisions"}],"predecessor-version":[{"id":714,"href":"https:\/\/www.flechedor.lu\/fr\/wp-json\/wp\/v2\/pages\/455\/revisions\/714"}],"up":[{"embeddable":true,"href":"https:\/\/www.flechedor.lu\/fr\/wp-json\/wp\/v2\/pages\/453"}],"wp:attachment":[{"href":"https:\/\/www.flechedor.lu\/fr\/wp-json\/wp\/v2\/media?parent=455"}],"curies":[{"name":"wp","href":"https:\/\/api.w.org\/{rel}","templated":true}]}}